{"id":1693,"date":"2022-11-09T12:16:15","date_gmt":"2022-11-09T11:16:15","guid":{"rendered":"https:\/\/adding-light.com\/?page_id=1693"},"modified":"2025-09-23T17:42:28","modified_gmt":"2025-09-23T15:42:28","slug":"notre-actualite-2023","status":"publish","type":"page","link":"https:\/\/adding-light.com\/?page_id=1693","title":{"rendered":"Notre actualit\u00e9"},"content":{"rendered":"<p>[et_pb_section fb_built=\u00a0\u00bb1&Prime; _builder_version=\u00a0\u00bb4.16&Prime; background_color=\u00a0\u00bb#ffffff\u00a0\u00bb background_image=\u00a0\u00bbhttps:\/\/adding-light.com\/wp-content\/uploads\/2022\/11\/NewGradient.png\u00a0\u00bb background_size=\u00a0\u00bbcontain\u00a0\u00bb background_repeat=\u00a0\u00bbrepeat-y\u00a0\u00bb module_alignment=\u00a0\u00bbleft\u00a0\u00bb border_color_all=\u00a0\u00bb#fff600&Prime; locked=\u00a0\u00bboff\u00a0\u00bb global_colors_info=\u00a0\u00bb{}\u00a0\u00bb][et_pb_row _builder_version=\u00a0\u00bb4.16&Prime; _module_preset=\u00a0\u00bbdefault\u00a0\u00bb min_height=\u00a0\u00bb86px\u00a0\u00bb global_colors_info=\u00a0\u00bb{}\u00a0\u00bb][et_pb_column type=\u00a0\u00bb4_4&Prime; _builder_version=\u00a0\u00bb4.16&Prime; _module_preset=\u00a0\u00bbdefault\u00a0\u00bb global_colors_info=\u00a0\u00bb{}\u00a0\u00bb][et_pb_text _builder_version=\u00a0\u00bb4.16&Prime; _module_preset=\u00a0\u00bbdefault\u00a0\u00bb global_colors_info=\u00a0\u00bb{}\u00a0\u00bb]<\/p>\n<h1><span style=\"color: #ffffff;\">Notre actualit\u00e9<\/span><\/h1>\n<p>[\/et_pb_text][\/et_pb_column][\/et_pb_row][\/et_pb_section][et_pb_section fb_built=\u00a0\u00bb1&Prime; _builder_version=\u00a0\u00bb4.16&Prime; background_color=\u00a0\u00bb#ffffff\u00a0\u00bb background_enable_image=\u00a0\u00bboff\u00a0\u00bb parallax=\u00a0\u00bbon\u00a0\u00bb module_alignment=\u00a0\u00bbleft\u00a0\u00bb border_color_all=\u00a0\u00bb#fff600&Prime; box_shadow_style=\u00a0\u00bbpreset1&Prime; box_shadow_color=\u00a0\u00bb#2050E0&Prime; locked=\u00a0\u00bboff\u00a0\u00bb global_colors_info=\u00a0\u00bb{}\u00a0\u00bb][et_pb_row column_structure=\u00a0\u00bb1_2,1_2&Prime; _builder_version=\u00a0\u00bb4.16&Prime; background_color=\u00a0\u00bbrgba(0,0,0,0)\u00a0\u00bb min_height=\u00a0\u00bb240px\u00a0\u00bb animation_style=\u00a0\u00bbfade\u00a0\u00bb hover_enabled=\u00a0\u00bb0&Prime; global_colors_info=\u00a0\u00bb{}\u00a0\u00bb sticky_enabled=\u00a0\u00bb0&Prime;][et_pb_column type=\u00a0\u00bb1_2&Prime; _builder_version=\u00a0\u00bb4.16&Prime; global_colors_info=\u00a0\u00bb{}\u00a0\u00bb][et_pb_image src=\u00a0\u00bbhttps:\/\/adding-light.com\/wp-content\/uploads\/2025\/08\/Printemps-des-etudes.jpg\u00a0\u00bb alt=\u00a0\u00bbDrinking dialogues\u00a0\u00bb title_text=\u00a0\u00bbPrintemps-des-e\u0301tudes\u00a0\u00bb url=\u00a0\u00bbhttps:\/\/us02web.zoom.us\/webinar\/register\/WN_FEhnHwwdRbK7zpbaRFjV4g#\/registration\u00a0\u00bb _builder_version=\u00a0\u00bb4.21.0&Prime; hover_enabled=\u00a0\u00bb0&Prime; global_colors_info=\u00a0\u00bb{}\u00a0\u00bb sticky_enabled=\u00a0\u00bb0&Prime;][\/et_pb_image][\/et_pb_column][et_pb_column type=\u00a0\u00bb1_2&Prime; _builder_version=\u00a0\u00bb4.16&Prime; global_colors_info=\u00a0\u00bb{}\u00a0\u00bb][et_pb_text _builder_version=\u00a0\u00bb4.21.0&Prime; header_text_align=\u00a0\u00bbleft\u00a0\u00bb header_text_color=\u00a0\u00bb#ffffff\u00a0\u00bb header_font_size=\u00a0\u00bb28px\u00a0\u00bb header_line_height=\u00a0\u00bb1.3em\u00a0\u00bb header_2_text_color=\u00a0\u00bb#2A0275&Prime; min_height=\u00a0\u00bb94px\u00a0\u00bb link_option_url=\u00a0\u00bbhttps:\/\/us02web.zoom.us\/webinar\/register\/WN_FEhnHwwdRbK7zpbaRFjV4g#\/registration\u00a0\u00bb hover_enabled=\u00a0\u00bb0&Prime; locked=\u00a0\u00bboff\u00a0\u00bb global_colors_info=\u00a0\u00bb{}\u00a0\u00bb sticky_enabled=\u00a0\u00bb0&Prime;]<\/p>\n<h1><span style=\"color: #2a0275;\">13e \u00e9dition du Printemps des \u00c9tudes<\/span><\/h1>\n<h2>Le 26 septembre, Adding-Light a le plaisir de participer \u00e0 la 13e \u00e9dition du Printemps des \u00c9tudes avec deux interventions :<\/h2>\n<p><strong>14h00\u201315h30 <\/strong>\u2013 Conf\u00e9rence T\u00e9moignage &amp; Retours d\u2019exp\u00e9rience \u2028\u00a0\u00bbTemps court vs. temps long, global vs. local : Quelles strat\u00e9gies et engagements pour les marques ?\u00a0\u00bb\u2028<\/p>\n<p>Aux c\u00f4t\u00e9s de St\u00e9phanie Talpe, Directrice Marque et communication de Bonduelle, nous partagerons un retour d\u2019exp\u00e9rience sur la co-construction d\u2019une plateforme de marque internationale.<\/p>\n<p><strong>16h00 \u201316h45<\/strong> \u2013 Pr\u00e9sentation de BIG FISH\u2028 Notre process d\u2019innovation consumer centric &amp; orient\u00e9e business \u2014 l\u2019occasion de partager nos convictions, notre m\u00e9thode, et des cas r\u00e9cents.<\/p>\n<p>Au plaisir de vous y retrouver ! Pour vous inscrire c\u2019est <a href=\"https:\/\/printemps-etudes.mybadgeonline.com\/Accueil\/Lecture-ProgrammeSC?TEevHL=614\">ici<\/a>.<\/p>\n<p>[\/et_pb_text][\/et_pb_column][\/et_pb_row][\/et_pb_section][et_pb_section fb_built=\u00a0\u00bb1&Prime; _builder_version=\u00a0\u00bb4.16&Prime; background_color=\u00a0\u00bb#ffffff\u00a0\u00bb background_enable_image=\u00a0\u00bboff\u00a0\u00bb parallax=\u00a0\u00bbon\u00a0\u00bb module_alignment=\u00a0\u00bbleft\u00a0\u00bb border_color_all=\u00a0\u00bb#fff600&Prime; box_shadow_style=\u00a0\u00bbpreset1&Prime; box_shadow_color=\u00a0\u00bb#2050E0&Prime; locked=\u00a0\u00bboff\u00a0\u00bb global_colors_info=\u00a0\u00bb{}\u00a0\u00bb][et_pb_row column_structure=\u00a0\u00bb1_2,1_2&Prime; _builder_version=\u00a0\u00bb4.16&Prime; background_color=\u00a0\u00bbrgba(0,0,0,0)\u00a0\u00bb min_height=\u00a0\u00bb240px\u00a0\u00bb animation_style=\u00a0\u00bbfade\u00a0\u00bb global_colors_info=\u00a0\u00bb{}\u00a0\u00bb][et_pb_column type=\u00a0\u00bb1_2&Prime; _builder_version=\u00a0\u00bb4.16&Prime; global_colors_info=\u00a0\u00bb{}\u00a0\u00bb][et_pb_image src=\u00a0\u00bbhttps:\/\/adding-light.com\/wp-content\/uploads\/2025\/08\/Catherine-Ho.jpg\u00a0\u00bb alt=\u00a0\u00bbDrinking dialogues\u00a0\u00bb title_text=\u00a0\u00bbCatherine-Ho\u00a0\u00bb url=\u00a0\u00bbhttps:\/\/us02web.zoom.us\/webinar\/register\/WN_FEhnHwwdRbK7zpbaRFjV4g#\/registration\u00a0\u00bb _builder_version=\u00a0\u00bb4.21.0&Prime; global_colors_info=\u00a0\u00bb{}\u00a0\u00bb][\/et_pb_image][\/et_pb_column][et_pb_column type=\u00a0\u00bb1_2&Prime; _builder_version=\u00a0\u00bb4.16&Prime; global_colors_info=\u00a0\u00bb{}\u00a0\u00bb][et_pb_text _builder_version=\u00a0\u00bb4.21.0&Prime; header_text_align=\u00a0\u00bbleft\u00a0\u00bb header_text_color=\u00a0\u00bb#ffffff\u00a0\u00bb header_font_size=\u00a0\u00bb28px\u00a0\u00bb header_line_height=\u00a0\u00bb1.3em\u00a0\u00bb header_2_text_color=\u00a0\u00bb#ffffff\u00a0\u00bb min_height=\u00a0\u00bb94px\u00a0\u00bb link_option_url=\u00a0\u00bbhttps:\/\/us02web.zoom.us\/webinar\/register\/WN_FEhnHwwdRbK7zpbaRFjV4g#\/registration\u00a0\u00bb locked=\u00a0\u00bboff\u00a0\u00bb global_colors_info=\u00a0\u00bb{}\u00a0\u00bb]<\/p>\n<h1><span style=\"color: #2a0275;\">Bienvenue \u00e0 Catherine Ho :<br \/><\/span><\/h1>\n<h2><span style=\"color: #000080;\">Elle rejoint Adding-Light en tant que consultante senior<\/span><\/h2>\n<p>Apr\u00e8s des \u00e9tudes anthropologie \u00e0 l\u2019EHESS et en strat\u00e9gie marketing \u00e0 l\u2019Institut Fran\u00e7ais de la Mode, ma passion pour les mutations soci\u00e9tales et les comportements humains m\u2019a conduit vers les \u00e9tudes marketing.<br \/>Forte d\u2019une exp\u00e9rience de 15 ans, j\u2019ai travaill\u00e9 dans des structures vari\u00e9es\u00a0: chez l\u2019annonceur, \u00e0 La Prospective du groupe L\u2019Or\u00e9al\u00a0; dans le d\u00e9partement recherche &amp; conseils de L\u2019IFM\u00a0; en agence, dans le d\u00e9partement Quali d\u2019Ifop-BrainValue. Ce parcours m\u2019a permis de d\u00e9velopper une culture insight tr\u00e8s forte et une compr\u00e9hension des enjeux des entreprises. Il a aussi forg\u00e9 mon expertise dans les secteurs de la beaut\u00e9, l\u2019hospitality, la sant\u00e9, la nutrition, \u00a0\u2026 aussi bien en France qu\u2019\u00e0 l\u2019international.<br \/>J\u2019ai le plaisir de rejoindre AL pour aider les clients de l\u2019agence \u00e0 prendre des d\u00e9cisions business \u00e9clair\u00e9es d\u2019une compr\u00e9hension fine des insights humains.<\/p>\n<p><span style=\"color: #000000;\"><em><a href=\"https:\/\/us02web.zoom.us\/webinar\/register\/WN_5FG7FytASJu69I1F2463Qw\" style=\"color: #000000;\"><\/a><a href=\"https:\/\/us02web.zoom.us\/webinar\/register\/WN_FEhnHwwdRbK7zpbaRFjV4g#\/registration\" style=\"color: #000000;\"><strong><\/strong><\/a><\/em><\/span><\/p>\n<p>[\/et_pb_text][\/et_pb_column][\/et_pb_row][\/et_pb_section]<\/p>\n","protected":false},"excerpt":{"rendered":"<p>Notre actualit\u00e913e \u00e9dition du Printemps des \u00c9tudes Le 26 septembre, Adding-Light a le plaisir de participer \u00e0 la 13e \u00e9dition du Printemps des \u00c9tudes avec deux interventions : 14h00\u201315h30 \u2013 Conf\u00e9rence T\u00e9moignage &amp; Retours d\u2019exp\u00e9rience \u2028\u00a0\u00bbTemps court vs. temps long, global vs. local : Quelles strat\u00e9gies et engagements pour les marques ?\u00a0\u00bb\u2028 Aux c\u00f4t\u00e9s de [&hellip;]<\/p>\n","protected":false},"author":1,"featured_media":0,"parent":0,"menu_order":0,"comment_status":"closed","ping_status":"closed","template":"","meta":{"_et_pb_use_builder":"on","_et_pb_old_content":"","_et_gb_content_width":"","_exactmetrics_skip_tracking":false,"_exactmetrics_sitenote_active":false,"_exactmetrics_sitenote_note":"","_exactmetrics_sitenote_category":0,"footnotes":""},"class_list":["post-1693","page","type-page","status-publish","hentry"],"_links":{"self":[{"href":"https:\/\/adding-light.com\/index.php?rest_route=\/wp\/v2\/pages\/1693","targetHints":{"allow":["GET"]}}],"collection":[{"href":"https:\/\/adding-light.com\/index.php?rest_route=\/wp\/v2\/pages"}],"about":[{"href":"https:\/\/adding-light.com\/index.php?rest_route=\/wp\/v2\/types\/page"}],"author":[{"embeddable":true,"href":"https:\/\/adding-light.com\/index.php?rest_route=\/wp\/v2\/users\/1"}],"replies":[{"embeddable":true,"href":"https:\/\/adding-light.com\/index.php?rest_route=%2Fwp%2Fv2%2Fcomments&post=1693"}],"version-history":[{"count":31,"href":"https:\/\/adding-light.com\/index.php?rest_route=\/wp\/v2\/pages\/1693\/revisions"}],"predecessor-version":[{"id":2594,"href":"https:\/\/adding-light.com\/index.php?rest_route=\/wp\/v2\/pages\/1693\/revisions\/2594"}],"wp:attachment":[{"href":"https:\/\/adding-light.com\/index.php?rest_route=%2Fwp%2Fv2%2Fmedia&parent=1693"}],"curies":[{"name":"wp","href":"https:\/\/api.w.org\/{rel}","templated":true}]}}